{"id":2,"date":"2011-03-03T11:37:05","date_gmt":"2011-03-03T11:37:05","guid":{"rendered":"http:\/\/www.photofaustino.ch\/?page_id=2"},"modified":"2025-12-01T16:47:01","modified_gmt":"2025-12-01T16:47:01","slug":"a-propos","status":"publish","type":"page","link":"https:\/\/www.photofaustino.ch\/?page_id=2","title":{"rendered":"A propos"},"content":{"rendered":"<p>Pour tout message priv\u00e9 ou sollicitude de reproduction de photo, veuillez contacter Rachel Chevallier Faustino \u00e0 l&#8217;email suivant:<\/p>\n<p><strong>rchevallier (at) pm.me<\/strong><\/p>\n<p>Manuel Faustino et quelque-unes de ses photos noir\/blanc dans le reportage du 21.04.2017 de \u00ab\u00a0Passe-moi les jumelles\u00a0\u00bb de Radio Suisse Romande au sujet de Lisbonne, d\u00e8s minute 33.03:<\/p>\n<p><strong>https:\/\/www.rts.ch\/play\/tv\/passe-moi-les-jumelles\/video\/les-deux-freres&#8211;lisbonne?urn=urn:rts:video:8553559\u00a0<\/strong><\/p>\n<p>Quelques \u00e9l\u00e9ments biographiques:<\/p>\n<p>N\u00e9 au Portugal d\u2019une famille portugaise attach\u00e9e \u00e0 ses racines, Luis Manuel Faustino est depuis son plus jeune \u00e2ge confront\u00e9 \u00e0 diff\u00e9rentes visions du monde.<\/p>\n<p>A 3 ans il \u00e9migre avec ses parents au Venezuela, pays dont la lumi\u00e8re, l\u2019intensit\u00e9 et les contrastes l\u2019impressionnent durablement. Il en garde un humanisme qui impr\u00e8gne toutes ses images.<\/p>\n<p>A 13 ans il revient avec ses parents \u00e0 Lisbonne.\u00a0Confront\u00e9 \u00e0 la dictature de Salazar et \u00e0 la perspective qu&rsquo;il soit envoy\u00e9 au front angolais, ses parents d\u00e9cident de s&rsquo;exiler en Suisse.<\/p>\n<p>C\u2019est \u00e0 Gen\u00e8ve que na\u00eet sa passion pour la photographie. \u00b4A 18 ans il \u00e9change une premi\u00e8re voiture contre son premier appareil photo. Tout l\u2019int\u00e9resse, paysages, visages, vie rurale et citadine, fleurs, insectes et autres animaux qu\u2019il observe et apprivoise patiemment avant de d\u00e9clencher l\u2019obturateur. Ce qui a guid\u00e9 sa recherche toute sa vie c&rsquo;\u00e9tait l&rsquo;instant o\u00f9 appara\u00eessait l&rsquo;essentiel d&rsquo;une personne, d&rsquo;une situation, et la meilleure fa\u00e7on de retransmettre en une seule image, ce qu&rsquo;il y avait pour lui au c\u0153ur des apparences.<\/p>\n<p>Manuel nous a quitt\u00e9 le 1er d\u00e9cembre 2025, en toute s\u00e9r\u00e9nit\u00e9, entour\u00e9 des siens et de ses amis. Paix \u00e0 son \u00e2me.<\/p>\n\n\n<figure class=\"wp-block-image size-full is-resized\"><a href=\"https:\/\/i0.wp.com\/www.photofaustino.ch\/wp-content\/uploads\/2018\/12\/cropped-Manuel-Faustino-1005350-1.jpg?ssl=1\"><img data-recalc-dims=\"1\" loading=\"lazy\" decoding=\"async\" width=\"512\" height=\"512\" data-attachment-id=\"11652\" data-permalink=\"https:\/\/www.photofaustino.ch\/?attachment_id=11652\" data-orig-file=\"https:\/\/i0.wp.com\/www.photofaustino.ch\/wp-content\/uploads\/2018\/12\/cropped-Manuel-Faustino-1005350-1.jpg?fit=512%2C512&amp;ssl=1\" data-orig-size=\"512,512\" data-comments-opened=\"0\" data-image-meta=\"{&quot;aperture&quot;:&quot;8&quot;,&quot;credit&quot;:&quot;Artist M. FAUSTINO&quot;,&quot;camera&quot;:&quot;LEICA M10&quot;,&quot;caption&quot;:&quot;&quot;,&quot;created_timestamp&quot;:&quot;1544115136&quot;,&quot;copyright&quot;:&quot;InfoManuel Faustino&quot;,&quot;focal_length&quot;:&quot;50&quot;,&quot;iso&quot;:&quot;200&quot;,&quot;shutter_speed&quot;:&quot;0.0028571428571429&quot;,&quot;title&quot;:&quot;&quot;,&quot;orientation&quot;:&quot;1&quot;}\" data-image-title=\"cropped-Manuel-Faustino-1005350-1.jpg\" data-image-description=\"&lt;p&gt;http:\/\/www.photofaustino.ch\/wp-content\/uploads\/2018\/12\/\u00a9cropped-Manuel-Faustino-1005350-1.jpg&lt;\/p&gt;\n\" data-image-caption=\"\" data-large-file=\"https:\/\/i0.wp.com\/www.photofaustino.ch\/wp-content\/uploads\/2018\/12\/cropped-Manuel-Faustino-1005350-1.jpg?fit=512%2C512&amp;ssl=1\" src=\"https:\/\/i0.wp.com\/www.photofaustino.ch\/wp-content\/uploads\/2018\/12\/cropped-Manuel-Faustino-1005350-1.jpg?resize=512%2C512&#038;ssl=1\" alt=\"\" class=\"wp-image-11652\" style=\"width:507px;height:auto\" srcset=\"https:\/\/i0.wp.com\/www.photofaustino.ch\/wp-content\/uploads\/2018\/12\/cropped-Manuel-Faustino-1005350-1.jpg?w=512&amp;ssl=1 512w, https:\/\/i0.wp.com\/www.photofaustino.ch\/wp-content\/uploads\/2018\/12\/cropped-Manuel-Faustino-1005350-1.jpg?resize=150%2C150&amp;ssl=1 150w, https:\/\/i0.wp.com\/www.photofaustino.ch\/wp-content\/uploads\/2018\/12\/cropped-Manuel-Faustino-1005350-1.jpg?resize=300%2C300&amp;ssl=1 300w, https:\/\/i0.wp.com\/www.photofaustino.ch\/wp-content\/uploads\/2018\/12\/cropped-Manuel-Faustino-1005350-1.jpg?resize=220%2C220&amp;ssl=1 220w, https:\/\/i0.wp.com\/www.photofaustino.ch\/wp-content\/uploads\/2018\/12\/cropped-Manuel-Faustino-1005350-1.jpg?resize=50%2C50&amp;ssl=1 50w, https:\/\/i0.wp.com\/www.photofaustino.ch\/wp-content\/uploads\/2018\/12\/cropped-Manuel-Faustino-1005350-1.jpg?resize=270%2C270&amp;ssl=1 270w, https:\/\/i0.wp.com\/www.photofaustino.ch\/wp-content\/uploads\/2018\/12\/cropped-Manuel-Faustino-1005350-1.jpg?resize=192%2C192&amp;ssl=1 192w, https:\/\/i0.wp.com\/www.photofaustino.ch\/wp-content\/uploads\/2018\/12\/cropped-Manuel-Faustino-1005350-1.jpg?resize=180%2C180&amp;ssl=1 180w, https:\/\/i0.wp.com\/www.photofaustino.ch\/wp-content\/uploads\/2018\/12\/cropped-Manuel-Faustino-1005350-1.jpg?resize=32%2C32&amp;ssl=1 32w\" sizes=\"auto, (max-width: 512px) 100vw, 512px\" \/><\/a><\/figure>\n","protected":false},"excerpt":{"rendered":"<p>Pour tout message priv\u00e9 ou sollicitude de reproduction de photo, veuillez contacter Rachel Chevallier Faustino \u00e0 l&#8217;email suivant: rchevallier (at) pm.me Manuel Faustino et quelque-unes de ses photos noir\/blanc dans le reportage du 21.04.2017 de \u00ab\u00a0Passe-moi les jumelles\u00a0\u00bb de Radio Suisse Romande au sujet de Lisbonne, d\u00e8s minute 33.03: https:\/\/www.rts.ch\/play\/tv\/passe-moi-les-jumelles\/video\/les-deux-freres&#8211;lisbonne?urn=urn:rts:video:8553559\u00a0 Quelques \u00e9l\u00e9ments biographiques: N\u00e9 au [&hellip;]<\/p>\n","protected":false},"author":3,"featured_media":0,"parent":0,"menu_order":0,"comment_status":"closed","ping_status":"open","template":"","meta":{"jetpack_post_was_ever_published":false,"footnotes":""},"class_list":["post-2","page","type-page","status-publish","hentry"],"jetpack_sharing_enabled":true,"jetpack_shortlink":"https:\/\/wp.me\/PaxwpJ-2","_links":{"self":[{"href":"https:\/\/www.photofaustino.ch\/index.php?rest_route=\/wp\/v2\/pages\/2","targetHints":{"allow":["GET"]}}],"collection":[{"href":"https:\/\/www.photofaustino.ch\/index.php?rest_route=\/wp\/v2\/pages"}],"about":[{"href":"https:\/\/www.photofaustino.ch\/index.php?rest_route=\/wp\/v2\/types\/page"}],"author":[{"embeddable":true,"href":"https:\/\/www.photofaustino.ch\/index.php?rest_route=\/wp\/v2\/users\/3"}],"replies":[{"embeddable":true,"href":"https:\/\/www.photofaustino.ch\/index.php?rest_route=%2Fwp%2Fv2%2Fcomments&post=2"}],"version-history":[{"count":21,"href":"https:\/\/www.photofaustino.ch\/index.php?rest_route=\/wp\/v2\/pages\/2\/revisions"}],"predecessor-version":[{"id":12369,"href":"https:\/\/www.photofaustino.ch\/index.php?rest_route=\/wp\/v2\/pages\/2\/revisions\/12369"}],"wp:attachment":[{"href":"https:\/\/www.photofaustino.ch\/index.php?rest_route=%2Fwp%2Fv2%2Fmedia&parent=2"}],"curies":[{"name":"wp","href":"https:\/\/api.w.org\/{rel}","templated":true}]}}